{"id":35,"date":"2018-09-07T09:40:37","date_gmt":"2018-09-07T09:40:37","guid":{"rendered":"http:\/\/igfergon.com.mx\/?page_id=35"},"modified":"2026-04-27T11:53:05","modified_gmt":"2026-04-27T09:53:05","slug":"iii-domingo-de-cuaresma","status":"publish","type":"page","link":"http:\/\/igfergon.com.mx\/","title":{"rendered":"HOMIL\u00cdA DOMINICAL"},"content":{"rendered":"\n<h2 class=\"wp-block-heading has-text-align-center has-vivid-red-color has-text-color has-link-color wp-elements-56b0191d672d82827c7358287e222aa3\">V DOMINGO DE PASCUA (CICLO A)<\/h2>\n\n\n<div class=\"wp-block-image\">\n<figure class=\"aligncenter size-full\"><img loading=\"lazy\" decoding=\"async\" width=\"225\" height=\"225\" src=\"http:\/\/igfergon.com.mx\/wp-content\/uploads\/2026\/04\/image-7.png\" alt=\"\" class=\"wp-image-6330\" srcset=\"http:\/\/igfergon.com.mx\/wp-content\/uploads\/2026\/04\/image-7.png 225w, http:\/\/igfergon.com.mx\/wp-content\/uploads\/2026\/04\/image-7-200x200.png 200w, http:\/\/igfergon.com.mx\/wp-content\/uploads\/2026\/04\/image-7-100x100.png 100w\" sizes=\"auto, (max-width: 225px) 100vw, 225px\" \/><\/figure>\n<\/div>\n\n\n<p>La liturgia de este quinto domingo de Pascua nos invita a reflexionar sobre la <strong>Iglesia<\/strong> y la necesidad de que como comunidad cristiana estemos <strong>organizados,<\/strong> tomando parte activa en los diferentes ministerios de la Iglesia para seguir a Cristo Camino, Verdad y Vida.<\/p>\n\n\n\n<p><strong>La 1\u00aa lectura del libro de los Hechos de los Ap\u00f3stoles<\/strong> nos ha relatado la instituci\u00f3n de los <strong>primeros Ministerios<\/strong> en la Iglesia. Hemos le\u00eddo c\u00f3mo los Ap\u00f3stoles decidieron delegar en<strong>\u201csiete hombres de buena fama, llenos del Esp\u00edritu Santo y de sabidur\u00eda\u201d,<\/strong> para que los ayudaran en el servicio a las comunidades cristianas que se iban formando, de manera que ellos pudieran dedicarse mejor<strong>\u201ca la oraci\u00f3n y al servicio de la palabra\u201d.<\/strong><\/p>\n\n\n\n<p>En la Iglesia, no s\u00f3lo los sacerdotes, religiosos y religiosas tienen funciones de servicio en la Iglesia, sino que tambi\u00e9n vosotros, <strong>los laicos, pod\u00e9is y deb\u00e9is realizar funciones de servicio en la Iglesia.<\/strong>&nbsp; Y este derecho os viene por el simple hecho de estar bautizados.&nbsp; Por el Bautismo form\u00e1is parte del Cuerpo M\u00edstico de Cristo, que es la Iglesia, y por la Confirmaci\u00f3n sois fortalecidos por el Esp\u00edritu Santo y enviados por el Se\u00f1or a evangelizar, as\u00ed como a ejercer funciones de servicio dentro de la misma Iglesia.<\/p>\n\n\n\n<p>Es un <strong>derecho y un deber<\/strong> que vosotros los laicos, como bautizados, ejerz\u00e1is un apostolado y un servicio a la Iglesia.<\/p>\n\n\n\n<p>Pero la Iglesia, aun cuando debe dedicarse en primer lugar a la oraci\u00f3n y al anuncio de la Palabra de Dios, <strong>no puede descuidar su preocupaci\u00f3n por el bienestar de los que sufren <\/strong>las consecuencias de la pobreza, de la injusticia social, de la enfermedad.&nbsp; La Iglesia tiene que cuidar y asistir, desde un aut\u00e9ntico amor cristiano y en nombre de Cristo, a quienes necesitan de nuestra ayuda, viendo en el necesitado el Rostro del mismo Cristo a quien hemos de amar sirvi\u00e9ndolo.<\/p>\n\n\n\n<p><strong>La 2\u00aa lectura de la primera carta de san Pedro<\/strong> nos dice que en la Iglesia, cada cristiano es una <strong>piedra viva y Cristo es la piedra angular.<\/strong>&nbsp; La piedra angular es la piedra central en un arco, sin la cual el arco no se sostiene; es la piedra m\u00e1s importante.&nbsp; Por lo tanto, si Cristo es la piedra angular, quiere decir que \u00c9l es la clave de nuestra vida, de la vida de la Iglesia.<\/p>\n\n\n\n<p>Pero, no podemos olvidar, que nosotros somos piedras vivas; es decir, <strong>miembros activos<\/strong> en la edificaci\u00f3n de la Iglesia.&nbsp; La Iglesia tiene que ser una <strong>comunidad viva<\/strong> de cristianos, en la que cada uno desempe\u00f1a una funci\u00f3n o ministerio.<\/p>\n\n\n\n<p>Hemos de preguntarnos: <strong>\u00bfCristo, es la piedra angular de mi vida?,<\/strong> es decir, para nosotros los cristianos, Cristo \u00bfes la referencia fundamental de mi vida?&nbsp; \u00bfTe sientes parte viva de la Iglesia?&nbsp;<\/p>\n\n\n\n<p>Si Cristo es la piedra angular de nuestra vida, la referencia fundamental, entonces \u00bfPor qu\u00e9 estamos colaborando con nuestro silencio y nuestra apat\u00eda a construir una sociedad, un mundo, tan alejado de los valores del Evangelio?&nbsp; \u00bfEstamos siendo, verdaderamente piedras vivas?<\/p>\n\n\n\n<p><strong>El Evangelio de san Juan<\/strong> nos presenta a Jes\u00fas como el \u00fanico camino para llegar a Dios Padre.&nbsp; \u00c9l es el Camino, la Verdad y la Vida.<\/p>\n\n\n\n<p>Van pasando los a\u00f1os y nos damos cuenta que <strong>permanecemos fieles a muy pocas cosas.&nbsp; <\/strong>Venimos a la cita con el Se\u00f1or, cada domingo, a pesar de que amigos o vecinos hayan abandonado la fe, porque nos damos cuenta que somos d\u00e9biles, necesitados de la ayuda de Dios, necesitados de esperanza, y creemos que s\u00f3lo en Dios podemos encontrar la felicidad y la esperanza.<\/p>\n\n\n\n<p>Vivimos tiempos en los que <strong>necesitamos alimentar la esperanza.<\/strong>&nbsp; Las crisis econ\u00f3micas, la subida de precios, las dificultades en el trabajo, la preocupaci\u00f3n por la educaci\u00f3n de los hijos, la violencia, etc.&nbsp; Son tantos los problemas sociales y personales que a menudo nos podemos sentir agobiados, desconcertados, desesperanzados.&nbsp; Y venimos a la Iglesia para <strong>encontrar luz y consuelo<\/strong> y escuchar esas palabras reconfortantes de Jes\u00fas que nos dice: <strong>\u201c<\/strong><strong>No se turbe vuestro coraz\u00f3n, creed en Dios y creed tambi\u00e9n en m\u00ed<\/strong><strong>\u201d. <\/strong>&nbsp;Sabemos que con Jes\u00fas nada malo nos puede ocurrir, aunque caminemos por caminos oscuros, aunque no veamos salida, <strong>el Se\u00f1or siempre est\u00e1 a nuestro lado,<\/strong> su vara y su cayado nos dan seguridad, sus palabras nos reconfortan y nos animan a seguir tras sus pasos.<\/p>\n\n\n\n<p>El Se\u00f1or nos anima a nos desesperar, a tomar la cruz de cada d\u00eda, esa cruz hecha de contrariedades, de inconvenientes, de problemas y a seguir adelante, tras \u00c9l, porque \u00c9l es el Camino que nos lleva a la plenitud, \u00c9l es la Verdad que nos revela quienes somos y qui\u00e9n es Dios, y \u00c9l la Vida que tanto deseamos.<\/p>\n\n\n\n<p>Este domingo, el Se\u00f1or nos invita a que no vayamos por la vida siguiendo caminos falsos que hacen que nos perdamos; que busquemos la verdad, porque <strong>todos necesitamos la verdad para poder vivir,<\/strong> que no nos dejemos enga\u00f1ar por ese ambiente de falsedad en el que vivimos, donde todo es relativo y enga\u00f1oso, que trabajemos y defendamos la vida desde su comienzo hasta su final.<\/p>\n\n\n\n<p>No vayamos por la vida desorientados y desnortados.<\/p>\n\n\n\n<p><\/p>\n","protected":false},"excerpt":{"rendered":"<p>V DOMINGO DE PASCUA (CICLO A) La liturgia de este quinto domingo de Pascua nos invita a reflexionar sobre la Iglesia y la necesidad de que como comunidad cristiana estemos organizados, tomando parte activa en los diferentes ministerios de la Iglesia para seguir a Cristo Camino, Verdad y Vida. La 1\u00aa lectura del libro de &hellip; <\/p>\n<p class=\"link-more\"><a href=\"http:\/\/igfergon.com.mx\/\" class=\"more-link\">Continuar leyendo<span class=\"screen-reader-text\"> \u00abHOMIL\u00cdA DOMINICAL\u00bb<\/span><\/a><\/p>\n","protected":false},"author":1,"featured_media":0,"parent":0,"menu_order":-1,"comment_status":"closed","ping_status":"closed","template":"","meta":{"footnotes":""},"class_list":["post-35","page","type-page","status-publish","hentry"],"yoast_head":"<!-- This site is optimized with the Yoast SEO plugin v26.0 - https:\/\/yoast.com\/wordpress\/plugins\/seo\/ -->\n<title>HOMIL\u00cdA DOMINICAL - El sitio del P. Ignacio Fern\u00e1ndez Gonz\u00e1lez<\/title>\n<meta name=\"robots\" content=\"index, follow, max-snippet:-1, max-image-preview:large, max-video-preview:-1\" \/>\n<link rel=\"canonical\" href=\"http:\/\/igfergon.com.mx\/\" \/>\n<meta property=\"og:locale\" content=\"es_ES\" \/>\n<meta property=\"og:type\" content=\"article\" \/>\n<meta property=\"og:title\" content=\"HOMIL\u00cdA DOMINICAL - El sitio del P. Ignacio Fern\u00e1ndez Gonz\u00e1lez\" \/>\n<meta property=\"og:description\" content=\"V DOMINGO DE PASCUA (CICLO A) La liturgia de este quinto domingo de Pascua nos invita a reflexionar sobre la Iglesia y la necesidad de que como comunidad cristiana estemos organizados, tomando parte activa en los diferentes ministerios de la Iglesia para seguir a Cristo Camino, Verdad y Vida. La 1\u00aa lectura del libro de &hellip; Continuar leyendo &quot;HOMIL\u00cdA DOMINICAL&quot;\" \/>\n<meta property=\"og:url\" content=\"http:\/\/igfergon.com.mx\/\" \/>\n<meta property=\"og:site_name\" content=\"El sitio del P. Ignacio Fern\u00e1ndez Gonz\u00e1lez\" \/>\n<meta property=\"article:publisher\" content=\"https:\/\/www.facebook.com\/\" \/>\n<meta property=\"article:modified_time\" content=\"2026-04-27T09:53:05+00:00\" \/>\n<meta property=\"og:image\" content=\"http:\/\/igfergon.com.mx\/wp-content\/uploads\/2026\/04\/image-7.png\" \/>\n\t<meta property=\"og:image:width\" content=\"225\" \/>\n\t<meta property=\"og:image:height\" content=\"225\" \/>\n\t<meta property=\"og:image:type\" content=\"image\/png\" \/>\n<meta name=\"twitter:card\" content=\"summary_large_image\" \/>\n<meta name=\"twitter:label1\" content=\"Tiempo de lectura\" \/>\n\t<meta name=\"twitter:data1\" content=\"5 minutos\" \/>\n<script type=\"application\/ld+json\" class=\"yoast-schema-graph\">{\"@context\":\"https:\/\/schema.org\",\"@graph\":[{\"@type\":\"WebPage\",\"@id\":\"http:\/\/igfergon.com.mx\/\",\"url\":\"http:\/\/igfergon.com.mx\/\",\"name\":\"HOMIL\u00cdA DOMINICAL - El sitio del P. Ignacio Fern\u00e1ndez Gonz\u00e1lez\",\"isPartOf\":{\"@id\":\"http:\/\/igfergon.com.mx\/#website\"},\"primaryImageOfPage\":{\"@id\":\"http:\/\/igfergon.com.mx\/#primaryimage\"},\"image\":{\"@id\":\"http:\/\/igfergon.com.mx\/#primaryimage\"},\"thumbnailUrl\":\"http:\/\/igfergon.com.mx\/wp-content\/uploads\/2026\/04\/image-7.png\",\"datePublished\":\"2018-09-07T09:40:37+00:00\",\"dateModified\":\"2026-04-27T09:53:05+00:00\",\"breadcrumb\":{\"@id\":\"http:\/\/igfergon.com.mx\/#breadcrumb\"},\"inLanguage\":\"es\",\"potentialAction\":[{\"@type\":\"ReadAction\",\"target\":[\"http:\/\/igfergon.com.mx\/\"]}]},{\"@type\":\"ImageObject\",\"inLanguage\":\"es\",\"@id\":\"http:\/\/igfergon.com.mx\/#primaryimage\",\"url\":\"http:\/\/igfergon.com.mx\/wp-content\/uploads\/2026\/04\/image-7.png\",\"contentUrl\":\"http:\/\/igfergon.com.mx\/wp-content\/uploads\/2026\/04\/image-7.png\",\"width\":225,\"height\":225},{\"@type\":\"BreadcrumbList\",\"@id\":\"http:\/\/igfergon.com.mx\/#breadcrumb\",\"itemListElement\":[{\"@type\":\"ListItem\",\"position\":1,\"name\":\"Portada\",\"item\":\"http:\/\/igfergon.com.mx\/\"},{\"@type\":\"ListItem\",\"position\":2,\"name\":\"HOMIL\u00cdA DOMINICAL\"}]},{\"@type\":\"WebSite\",\"@id\":\"http:\/\/igfergon.com.mx\/#website\",\"url\":\"http:\/\/igfergon.com.mx\/\",\"name\":\"El sitio del P. Ignacio Fern\u00e1ndez Gonz\u00e1lez\",\"description\":\"Para Ayudarte\",\"publisher\":{\"@id\":\"http:\/\/igfergon.com.mx\/#organization\"},\"potentialAction\":[{\"@type\":\"SearchAction\",\"target\":{\"@type\":\"EntryPoint\",\"urlTemplate\":\"http:\/\/igfergon.com.mx\/?s={search_term_string}\"},\"query-input\":{\"@type\":\"PropertyValueSpecification\",\"valueRequired\":true,\"valueName\":\"search_term_string\"}}],\"inLanguage\":\"es\"},{\"@type\":\"Organization\",\"@id\":\"http:\/\/igfergon.com.mx\/#organization\",\"name\":\"El sitio del P. Ignacio Fern\u00e1ndez Gonz\u00e1lez\",\"url\":\"http:\/\/igfergon.com.mx\/\",\"logo\":{\"@type\":\"ImageObject\",\"inLanguage\":\"es\",\"@id\":\"http:\/\/igfergon.com.mx\/#\/schema\/logo\/image\/\",\"url\":\"http:\/\/igfergon.com.mx\/wp-content\/uploads\/2018\/09\/cropped-ORDNACION02-2.jpg\",\"contentUrl\":\"http:\/\/igfergon.com.mx\/wp-content\/uploads\/2018\/09\/cropped-ORDNACION02-2.jpg\",\"width\":250,\"height\":250,\"caption\":\"El sitio del P. Ignacio Fern\u00e1ndez Gonz\u00e1lez\"},\"image\":{\"@id\":\"http:\/\/igfergon.com.mx\/#\/schema\/logo\/image\/\"},\"sameAs\":[\"https:\/\/www.facebook.com\/\"]}]}<\/script>\n<!-- \/ Yoast SEO plugin. -->","yoast_head_json":{"title":"HOMIL\u00cdA DOMINICAL - El sitio del P. Ignacio Fern\u00e1ndez Gonz\u00e1lez","robots":{"index":"index","follow":"follow","max-snippet":"max-snippet:-1","max-image-preview":"max-image-preview:large","max-video-preview":"max-video-preview:-1"},"canonical":"http:\/\/igfergon.com.mx\/","og_locale":"es_ES","og_type":"article","og_title":"HOMIL\u00cdA DOMINICAL - El sitio del P. Ignacio Fern\u00e1ndez Gonz\u00e1lez","og_description":"V DOMINGO DE PASCUA (CICLO A) La liturgia de este quinto domingo de Pascua nos invita a reflexionar sobre la Iglesia y la necesidad de que como comunidad cristiana estemos organizados, tomando parte activa en los diferentes ministerios de la Iglesia para seguir a Cristo Camino, Verdad y Vida. La 1\u00aa lectura del libro de &hellip; Continuar leyendo \"HOMIL\u00cdA DOMINICAL\"","og_url":"http:\/\/igfergon.com.mx\/","og_site_name":"El sitio del P. Ignacio Fern\u00e1ndez Gonz\u00e1lez","article_publisher":"https:\/\/www.facebook.com\/","article_modified_time":"2026-04-27T09:53:05+00:00","og_image":[{"width":225,"height":225,"url":"http:\/\/igfergon.com.mx\/wp-content\/uploads\/2026\/04\/image-7.png","type":"image\/png"}],"twitter_card":"summary_large_image","twitter_misc":{"Tiempo de lectura":"5 minutos"},"schema":{"@context":"https:\/\/schema.org","@graph":[{"@type":"WebPage","@id":"http:\/\/igfergon.com.mx\/","url":"http:\/\/igfergon.com.mx\/","name":"HOMIL\u00cdA DOMINICAL - El sitio del P. Ignacio Fern\u00e1ndez Gonz\u00e1lez","isPartOf":{"@id":"http:\/\/igfergon.com.mx\/#website"},"primaryImageOfPage":{"@id":"http:\/\/igfergon.com.mx\/#primaryimage"},"image":{"@id":"http:\/\/igfergon.com.mx\/#primaryimage"},"thumbnailUrl":"http:\/\/igfergon.com.mx\/wp-content\/uploads\/2026\/04\/image-7.png","datePublished":"2018-09-07T09:40:37+00:00","dateModified":"2026-04-27T09:53:05+00:00","breadcrumb":{"@id":"http:\/\/igfergon.com.mx\/#breadcrumb"},"inLanguage":"es","potentialAction":[{"@type":"ReadAction","target":["http:\/\/igfergon.com.mx\/"]}]},{"@type":"ImageObject","inLanguage":"es","@id":"http:\/\/igfergon.com.mx\/#primaryimage","url":"http:\/\/igfergon.com.mx\/wp-content\/uploads\/2026\/04\/image-7.png","contentUrl":"http:\/\/igfergon.com.mx\/wp-content\/uploads\/2026\/04\/image-7.png","width":225,"height":225},{"@type":"BreadcrumbList","@id":"http:\/\/igfergon.com.mx\/#breadcrumb","itemListElement":[{"@type":"ListItem","position":1,"name":"Portada","item":"http:\/\/igfergon.com.mx\/"},{"@type":"ListItem","position":2,"name":"HOMIL\u00cdA DOMINICAL"}]},{"@type":"WebSite","@id":"http:\/\/igfergon.com.mx\/#website","url":"http:\/\/igfergon.com.mx\/","name":"El sitio del P. Ignacio Fern\u00e1ndez Gonz\u00e1lez","description":"Para Ayudarte","publisher":{"@id":"http:\/\/igfergon.com.mx\/#organization"},"potentialAction":[{"@type":"SearchAction","target":{"@type":"EntryPoint","urlTemplate":"http:\/\/igfergon.com.mx\/?s={search_term_string}"},"query-input":{"@type":"PropertyValueSpecification","valueRequired":true,"valueName":"search_term_string"}}],"inLanguage":"es"},{"@type":"Organization","@id":"http:\/\/igfergon.com.mx\/#organization","name":"El sitio del P. Ignacio Fern\u00e1ndez Gonz\u00e1lez","url":"http:\/\/igfergon.com.mx\/","logo":{"@type":"ImageObject","inLanguage":"es","@id":"http:\/\/igfergon.com.mx\/#\/schema\/logo\/image\/","url":"http:\/\/igfergon.com.mx\/wp-content\/uploads\/2018\/09\/cropped-ORDNACION02-2.jpg","contentUrl":"http:\/\/igfergon.com.mx\/wp-content\/uploads\/2018\/09\/cropped-ORDNACION02-2.jpg","width":250,"height":250,"caption":"El sitio del P. Ignacio Fern\u00e1ndez Gonz\u00e1lez"},"image":{"@id":"http:\/\/igfergon.com.mx\/#\/schema\/logo\/image\/"},"sameAs":["https:\/\/www.facebook.com\/"]}]}},"_links":{"self":[{"href":"http:\/\/igfergon.com.mx\/index.php?rest_route=\/wp\/v2\/pages\/35","targetHints":{"allow":["GET"]}}],"collection":[{"href":"http:\/\/igfergon.com.mx\/index.php?rest_route=\/wp\/v2\/pages"}],"about":[{"href":"http:\/\/igfergon.com.mx\/index.php?rest_route=\/wp\/v2\/types\/page"}],"author":[{"embeddable":true,"href":"http:\/\/igfergon.com.mx\/index.php?rest_route=\/wp\/v2\/users\/1"}],"replies":[{"embeddable":true,"href":"http:\/\/igfergon.com.mx\/index.php?rest_route=%2Fwp%2Fv2%2Fcomments&post=35"}],"version-history":[{"count":382,"href":"http:\/\/igfergon.com.mx\/index.php?rest_route=\/wp\/v2\/pages\/35\/revisions"}],"predecessor-version":[{"id":6331,"href":"http:\/\/igfergon.com.mx\/index.php?rest_route=\/wp\/v2\/pages\/35\/revisions\/6331"}],"wp:attachment":[{"href":"http:\/\/igfergon.com.mx\/index.php?rest_route=%2Fwp%2Fv2%2Fmedia&parent=35"}],"curies":[{"name":"wp","href":"https:\/\/api.w.org\/{rel}","templated":true}]}}